{"id":2358,"date":"2019-09-23T11:52:28","date_gmt":"2019-09-23T09:52:28","guid":{"rendered":"http:\/\/www.elsomniproduccions.com\/noticies\/"},"modified":"2024-07-29T13:35:26","modified_gmt":"2024-07-29T11:35:26","slug":"noticias","status":"publish","type":"page","link":"https:\/\/www.elsomniproduccions.com\/es\/noticias\/","title":{"rendered":"Noticias"},"content":{"rendered":"<section class=\"l-section wpb_row height_small with_img parallax_fixed\"><div class=\"l-section-img\" role=\"img\" aria-label=\"Imagen\" data-img-width=\"1920\" data-img-height=\"1280\" style=\"background-image: url(https:\/\/www.elsomniproduccions.com\/wp-content\/uploads\/2019\/08\/un-tramvia-anomenat-desig-1.jpg);\"><\/div><div class=\"l-section-overlay\" style=\"background:rgba(0,0,0,0.28)\"><\/div><div class=\"l-section-h i-cf\"><div class=\"g-cols vc_row via_flex valign_top type_default stacking_default\"><div class=\"vc_col-sm-12 wpb_column vc_column_container\"><div class=\"vc_column-inner\"><div class=\"wpb_wrapper\"><div class=\"w-separator size_medium\"><\/div><div class=\"w-grid us_grid with_filters type_masonry layout_1792 cols_2 pagination_infinite overflow_hidden preload_style_spinner with_isotope\" id=\"us_grid_1\" style=\"--columns:2;--gap:1.5rem;\"><style>@media (max-width:600px){#us_grid_1{--columns:1!important}}.layout_1792 .w-grid-item-h{background:var(--color-header-middle-bg)}@media(max-width:479px){.layout_1792 .usg_post_date_1{display:none!important}}@media(max-width:479px){.layout_1792 .usg_post_content_1{display:none!important}}.layout_1792 .usg_hwrapper_1{padding:1rem!important}<\/style><div class=\"g-filters style_1 align_center\"><button class=\"g-filters-item active\" data-taxonomy=\"noticias\" data-amount=\"18\"><span>Noticias<\/span><span class=\"g-filters-item-amount\">18<\/span><\/button><button class=\"g-filters-item\" data-taxonomy=\"prensa\" data-amount=\"2\"><span>Prensa<\/span><span class=\"g-filters-item-amount\">2<\/span><\/button><\/div><div class=\"w-grid-list\" data-filter_taxonomy_name=\"category\" data-filter_default_taxonomies=\"noticias\">\t<article class=\"w-grid-item size_1x1 post-4216 post type-post status-publish format-standard has-post-thumbnail hentry category-noticias\" data-id=\"4216\">\r\n\t\t<div class=\"w-grid-item-h\">\r\n\t\t\t\t\t\t<div class=\"w-hwrapper usg_hwrapper_1 align_left\"><div class=\"w-vwrapper usg_vwrapper_1 align_left\"><div class=\"w-hwrapper usg_hwrapper_2 align_left\"><time class=\"w-post-elm post_date usg_post_date_1 entry-date published\" datetime=\"2025-01-16T11:06:06+01:00\" title=\"16 enero 2025 a las 11:06:06 Europe\/Madrid\">16 de enero de 2025<\/time><\/div><h2 class=\"w-post-elm post_title usg_post_title_1 entry-title color_link_inherit\"><a href=\"https:\/\/www.elsomniproduccions.com\/es\/2025\/01\/16\/4216\/\">CONVOCATORIA CASTING<\/a><\/h2><div class=\"w-post-elm post_content usg_post_content_1\">CONVOCATORIA DE CASTING \u00abELS DARRERS SIS DIES\u00bb La productora El Somni Prodiccions busca tres actrices profesionales para la nueva producci\u00f3n teatral escrita por Marta&hellip;<\/div><\/div><div class=\"w-post-elm post_image usg_post_image_1 stretched\"><a href=\"https:\/\/www.elsomniproduccions.com\/es\/2025\/01\/16\/4216\/\" aria-label=\"CONVOCATORIA CASTING\"><img loading=\"lazy\" decoding=\"async\" width=\"1024\" height=\"669\" src=\"https:\/\/www.elsomniproduccions.com\/wp-content\/uploads\/2025\/01\/ORIGINAL-1024x669.jpg\" class=\"attachment-large size-large wp-post-image\" alt=\"\" srcset=\"https:\/\/www.elsomniproduccions.com\/wp-content\/uploads\/2025\/01\/ORIGINAL-1024x669.jpg 1024w, https:\/\/www.elsomniproduccions.com\/wp-content\/uploads\/2025\/01\/ORIGINAL-300x196.jpg 300w, https:\/\/www.elsomniproduccions.com\/wp-content\/uploads\/2025\/01\/ORIGINAL.jpg 1444w\" sizes=\"auto, (max-width: 1024px) 100vw, 1024px\" \/><\/a><\/div><\/div>\t\t<\/div>\r\n\t\t\t<\/article>\r\n\t<article class=\"w-grid-item size_1x1 post-3654 post type-post status-publish format-standard has-post-thumbnail hentry category-noticias\" data-id=\"3654\">\r\n\t\t<div class=\"w-grid-item-h\">\r\n\t\t\t\t\t\t<div class=\"w-hwrapper usg_hwrapper_1 align_left\"><div class=\"w-vwrapper usg_vwrapper_1 align_left\"><div class=\"w-hwrapper usg_hwrapper_2 align_left\"><time class=\"w-post-elm post_date usg_post_date_1 entry-date published\" datetime=\"2022-06-01T13:48:30+02:00\" title=\"1 junio 2022 a las 13:48:30 Europe\/Madrid\">1 de junio de 2022<\/time><\/div><h2 class=\"w-post-elm post_title usg_post_title_1 entry-title color_link_inherit\"><a href=\"https:\/\/www.elsomniproduccions.com\/es\/2022\/06\/01\/esto-no-es-un-mapa\/\">ESTO NO ES UN MAPA<\/a><\/h2><div class=\"w-post-elm post_content usg_post_content_1\">Tras estrenarse el pasado mes de marzo, durante el mes de junio vuelven las funciones de Esto no es un mapa, una pieza de&hellip;<\/div><\/div><div class=\"w-post-elm post_image usg_post_image_1 stretched\"><a href=\"https:\/\/www.elsomniproduccions.com\/es\/2022\/06\/01\/esto-no-es-un-mapa\/\" aria-label=\"ESTO NO ES UN MAPA\"><img loading=\"lazy\" decoding=\"async\" width=\"1024\" height=\"683\" src=\"https:\/\/www.elsomniproduccions.com\/wp-content\/uploads\/2022\/06\/SOM_MAR_2022_1-1024x683.jpg\" class=\"attachment-large size-large wp-post-image\" alt=\"\" srcset=\"https:\/\/www.elsomniproduccions.com\/wp-content\/uploads\/2022\/06\/SOM_MAR_2022_1-1024x683.jpg 1024w, https:\/\/www.elsomniproduccions.com\/wp-content\/uploads\/2022\/06\/SOM_MAR_2022_1-300x200.jpg 300w, https:\/\/www.elsomniproduccions.com\/wp-content\/uploads\/2022\/06\/SOM_MAR_2022_1-391x260.jpg 391w, https:\/\/www.elsomniproduccions.com\/wp-content\/uploads\/2022\/06\/SOM_MAR_2022_1-380x253.jpg 380w\" sizes=\"auto, (max-width: 1024px) 100vw, 1024px\" \/><\/a><\/div><\/div>\t\t<\/div>\r\n\t\t\t<\/article>\r\n\t<article class=\"w-grid-item size_1x1 post-3605 post type-post status-publish format-standard has-post-thumbnail hentry category-noticias\" data-id=\"3605\">\r\n\t\t<div class=\"w-grid-item-h\">\r\n\t\t\t\t\t\t<div class=\"w-hwrapper usg_hwrapper_1 align_left\"><div class=\"w-vwrapper usg_vwrapper_1 align_left\"><div class=\"w-hwrapper usg_hwrapper_2 align_left\"><time class=\"w-post-elm post_date usg_post_date_1 entry-date published\" datetime=\"2022-05-02T10:15:56+02:00\" title=\"2 mayo 2022 a las 10:15:56 Europe\/Madrid\">2 de mayo de 2022<\/time><\/div><h2 class=\"w-post-elm post_title usg_post_title_1 entry-title color_link_inherit\"><a href=\"https:\/\/www.elsomniproduccions.com\/es\/2022\/05\/02\/nuevas-funciones-de-casa\/\">NUEVAS FUNCIONES DE CASA<\/a><\/h2><div class=\"w-post-elm post_content usg_post_content_1\">Este mes de mayo ten\u00e9is tres nuevas oportunidades de ver CASA, un espect\u00e1culo sobre corresponsabilidad que cuenta con el apoyo de la Direcci\u00f3n Insular&hellip;<\/div><\/div><div class=\"w-post-elm post_image usg_post_image_1 stretched\"><a href=\"https:\/\/www.elsomniproduccions.com\/es\/2022\/05\/02\/nuevas-funciones-de-casa\/\" aria-label=\"NUEVAS FUNCIONES DE CASA\"><img loading=\"lazy\" decoding=\"async\" width=\"1024\" height=\"1024\" src=\"https:\/\/www.elsomniproduccions.com\/wp-content\/uploads\/2021\/10\/Foto-28-8-20-15-28-24-1024x1024.jpg\" class=\"attachment-large size-large wp-post-image\" alt=\"\" srcset=\"https:\/\/www.elsomniproduccions.com\/wp-content\/uploads\/2021\/10\/Foto-28-8-20-15-28-24-1024x1024.jpg 1024w, https:\/\/www.elsomniproduccions.com\/wp-content\/uploads\/2021\/10\/Foto-28-8-20-15-28-24-150x150.jpg 150w, https:\/\/www.elsomniproduccions.com\/wp-content\/uploads\/2021\/10\/Foto-28-8-20-15-28-24-300x300.jpg 300w, https:\/\/www.elsomniproduccions.com\/wp-content\/uploads\/2021\/10\/Foto-28-8-20-15-28-24-960x960.jpg 960w\" sizes=\"auto, (max-width: 1024px) 100vw, 1024px\" \/><\/a><\/div><\/div>\t\t<\/div>\r\n\t\t\t<\/article>\r\n\t<article class=\"w-grid-item size_1x1 post-3568 post type-post status-publish format-standard has-post-thumbnail hentry category-noticias\" data-id=\"3568\">\r\n\t\t<div class=\"w-grid-item-h\">\r\n\t\t\t\t\t\t<div class=\"w-hwrapper usg_hwrapper_1 align_left\"><div class=\"w-vwrapper usg_vwrapper_1 align_left\"><div class=\"w-hwrapper usg_hwrapper_2 align_left\"><time class=\"w-post-elm post_date usg_post_date_1 entry-date published\" datetime=\"2022-04-19T10:22:15+02:00\" title=\"19 abril 2022 a las 10:22:15 Europe\/Madrid\">19 de abril de 2022<\/time><\/div><h2 class=\"w-post-elm post_title usg_post_title_1 entry-title color_link_inherit\"><a href=\"https:\/\/www.elsomniproduccions.com\/es\/2022\/04\/19\/fake-en-el-teatre-principal-de-palma\/\">FAKE EN EL TEATRE PRINCIPAL DE PALMA<\/a><\/h2><div class=\"w-post-elm post_content usg_post_content_1\">FAKE, una obra escrita por Rafel Gallego y coproducida por el Teatre Principal, llega a la Sala Grande del Teatre Principal de Palma. La&hellip;<\/div><\/div><div class=\"w-post-elm post_image usg_post_image_1 stretched\"><a href=\"https:\/\/www.elsomniproduccions.com\/es\/2022\/04\/19\/fake-en-el-teatre-principal-de-palma\/\" aria-label=\"FAKE EN EL TEATRE PRINCIPAL DE PALMA\"><img loading=\"lazy\" decoding=\"async\" width=\"735\" height=\"1024\" src=\"https:\/\/www.elsomniproduccions.com\/wp-content\/uploads\/2021\/10\/cartell-FAKE-DEF_page-0001-735x1024.jpg\" class=\"attachment-large size-large wp-post-image\" alt=\"\" srcset=\"https:\/\/www.elsomniproduccions.com\/wp-content\/uploads\/2021\/10\/cartell-FAKE-DEF_page-0001-735x1024.jpg 735w, https:\/\/www.elsomniproduccions.com\/wp-content\/uploads\/2021\/10\/cartell-FAKE-DEF_page-0001-215x300.jpg 215w, https:\/\/www.elsomniproduccions.com\/wp-content\/uploads\/2021\/10\/cartell-FAKE-DEF_page-0001.jpg 1842w\" sizes=\"auto, (max-width: 735px) 100vw, 735px\" \/><\/a><\/div><\/div>\t\t<\/div>\r\n\t\t\t<\/article>\r\n\t<article class=\"w-grid-item size_1x1 post-3562 post type-post status-publish format-standard has-post-thumbnail hentry category-noticias\" data-id=\"3562\">\r\n\t\t<div class=\"w-grid-item-h\">\r\n\t\t\t\t\t\t<div class=\"w-hwrapper usg_hwrapper_1 align_left\"><div class=\"w-vwrapper usg_vwrapper_1 align_left\"><div class=\"w-hwrapper usg_hwrapper_2 align_left\"><time class=\"w-post-elm post_date usg_post_date_1 entry-date published\" datetime=\"2022-04-12T10:09:46+02:00\" title=\"12 abril 2022 a las 10:09:46 Europe\/Madrid\">12 de abril de 2022<\/time><\/div><h2 class=\"w-post-elm post_title usg_post_title_1 entry-title color_link_inherit\"><a href=\"https:\/\/www.elsomniproduccions.com\/es\/2022\/04\/12\/ejercicios\/\">EJERCICIOS DE MEMORIA<\/a><\/h2><div class=\"w-post-elm post_content usg_post_content_1\">El pr\u00f3ximo jueves 21 de abril \u201cEjercicios de Memoria\u201d formar\u00e1 parte de los actos que el Ayuntamiento de Palma lleva a cabo para conmemorar&hellip;<\/div><\/div><div class=\"w-post-elm post_image usg_post_image_1 stretched\"><a href=\"https:\/\/www.elsomniproduccions.com\/es\/2022\/04\/12\/ejercicios\/\" aria-label=\"EJERCICIOS DE MEMORIA\"><img loading=\"lazy\" decoding=\"async\" width=\"682\" height=\"1024\" src=\"https:\/\/www.elsomniproduccions.com\/wp-content\/uploads\/2022\/04\/de3cc99e-dde1-4da2-8fd7-0c47371998c1-682x1024.jpg\" class=\"attachment-large size-large wp-post-image\" alt=\"\" srcset=\"https:\/\/www.elsomniproduccions.com\/wp-content\/uploads\/2022\/04\/de3cc99e-dde1-4da2-8fd7-0c47371998c1-682x1024.jpg 682w, https:\/\/www.elsomniproduccions.com\/wp-content\/uploads\/2022\/04\/de3cc99e-dde1-4da2-8fd7-0c47371998c1-200x300.jpg 200w, https:\/\/www.elsomniproduccions.com\/wp-content\/uploads\/2022\/04\/de3cc99e-dde1-4da2-8fd7-0c47371998c1.jpg 1065w\" sizes=\"auto, (max-width: 682px) 100vw, 682px\" \/><\/a><\/div><\/div>\t\t<\/div>\r\n\t\t\t<\/article>\r\n\t<article class=\"w-grid-item size_1x1 post-3551 post type-post status-publish format-standard has-post-thumbnail hentry category-noticias\" data-id=\"3551\">\r\n\t\t<div class=\"w-grid-item-h\">\r\n\t\t\t\t\t\t<div class=\"w-hwrapper usg_hwrapper_1 align_left\"><div class=\"w-vwrapper usg_vwrapper_1 align_left\"><div class=\"w-hwrapper usg_hwrapper_2 align_left\"><time class=\"w-post-elm post_date usg_post_date_1 entry-date published\" datetime=\"2022-04-05T11:48:31+02:00\" title=\"5 abril 2022 a las 11:48:31 Europe\/Madrid\">5 de abril de 2022<\/time><\/div><h2 class=\"w-post-elm post_title usg_post_title_1 entry-title color_link_inherit\"><a href=\"https:\/\/www.elsomniproduccions.com\/es\/2022\/04\/05\/paradis-viaja-a-sant-josep\/\">PARAD\u00cdS VIAJA A SANT JOSEP<\/a><\/h2><div class=\"w-post-elm post_content usg_post_content_1\">El mon\u00f3logo PARAD\u00cdS llega a Sant Josep en la que ser\u00e1 su primera representaci\u00f3n en la isla de Ibiza. El pr\u00f3ximo s\u00e1bado 9 de&hellip;<\/div><\/div><div class=\"w-post-elm post_image usg_post_image_1 stretched\"><a href=\"https:\/\/www.elsomniproduccions.com\/es\/2022\/04\/05\/paradis-viaja-a-sant-josep\/\" aria-label=\"PARAD\u00cdS VIAJA A SANT JOSEP\"><img loading=\"lazy\" decoding=\"async\" width=\"724\" height=\"1024\" src=\"https:\/\/www.elsomniproduccions.com\/wp-content\/uploads\/2021\/08\/publisVERT-8-724x1024.jpg\" class=\"attachment-large size-large wp-post-image\" alt=\"\" srcset=\"https:\/\/www.elsomniproduccions.com\/wp-content\/uploads\/2021\/08\/publisVERT-8-724x1024.jpg 724w, https:\/\/www.elsomniproduccions.com\/wp-content\/uploads\/2021\/08\/publisVERT-8-212x300.jpg 212w\" sizes=\"auto, (max-width: 724px) 100vw, 724px\" \/><\/a><\/div><\/div>\t\t<\/div>\r\n\t\t\t<\/article>\r\n\t<article class=\"w-grid-item size_1x1 post-3413 post type-post status-publish format-standard has-post-thumbnail hentry category-noticias\" data-id=\"3413\">\r\n\t\t<div class=\"w-grid-item-h\">\r\n\t\t\t\t\t\t<div class=\"w-hwrapper usg_hwrapper_1 align_left\"><div class=\"w-vwrapper usg_vwrapper_1 align_left\"><div class=\"w-hwrapper usg_hwrapper_2 align_left\"><time class=\"w-post-elm post_date usg_post_date_1 entry-date published\" datetime=\"2022-01-25T12:30:53+01:00\" title=\"25 enero 2022 a las 12:30:53 Europe\/Madrid\">25 de enero de 2022<\/time><\/div><h2 class=\"w-post-elm post_title usg_post_title_1 entry-title color_link_inherit\"><a href=\"https:\/\/www.elsomniproduccions.com\/es\/2022\/01\/25\/paradis-premi-ciutat-de-palma-margaluz-artes\/\">PARAD\u00cdS &#8211; PREMIO CIUTAT DE PALMA MARGALUZ DE ARTES ESC\u00c9NICAS<\/a><\/h2><div class=\"w-post-elm post_content usg_post_content_1\">El mon\u00f3logo PARAD\u00cdS, escrito e interpretado por Sergio Baos y dirigido por Xavi N\u00fa\u00f1ez, ha recibido el premio Ciutat de Palma Margaluz de Artes&hellip;<\/div><\/div><div class=\"w-post-elm post_image usg_post_image_1 stretched\"><a href=\"https:\/\/www.elsomniproduccions.com\/es\/2022\/01\/25\/paradis-premi-ciutat-de-palma-margaluz-artes\/\" aria-label=\"PARAD\u00cdS &#8211; PREMIO CIUTAT DE PALMA MARGALUZ DE ARTES ESC\u00c9NICAS\"><img loading=\"lazy\" decoding=\"async\" width=\"768\" height=\"1024\" src=\"https:\/\/www.elsomniproduccions.com\/wp-content\/uploads\/2022\/01\/0ab037b5-7501-4ed1-aa59-6646b2d3ecd9-768x1024.jpg\" class=\"attachment-large size-large wp-post-image\" alt=\"\" srcset=\"https:\/\/www.elsomniproduccions.com\/wp-content\/uploads\/2022\/01\/0ab037b5-7501-4ed1-aa59-6646b2d3ecd9-768x1024.jpg 768w, https:\/\/www.elsomniproduccions.com\/wp-content\/uploads\/2022\/01\/0ab037b5-7501-4ed1-aa59-6646b2d3ecd9-225x300.jpg 225w, https:\/\/www.elsomniproduccions.com\/wp-content\/uploads\/2022\/01\/0ab037b5-7501-4ed1-aa59-6646b2d3ecd9-300x400.jpg 300w, https:\/\/www.elsomniproduccions.com\/wp-content\/uploads\/2022\/01\/0ab037b5-7501-4ed1-aa59-6646b2d3ecd9.jpg 1200w\" sizes=\"auto, (max-width: 768px) 100vw, 768px\" \/><\/a><\/div><\/div>\t\t<\/div>\r\n\t\t\t<\/article>\r\n\t<article class=\"w-grid-item size_1x1 post-3400 post type-post status-publish format-standard has-post-thumbnail hentry category-noticias\" data-id=\"3400\">\r\n\t\t<div class=\"w-grid-item-h\">\r\n\t\t\t\t\t\t<div class=\"w-hwrapper usg_hwrapper_1 align_left\"><div class=\"w-vwrapper usg_vwrapper_1 align_left\"><div class=\"w-hwrapper usg_hwrapper_2 align_left\"><time class=\"w-post-elm post_date usg_post_date_1 entry-date published\" datetime=\"2022-01-11T12:29:12+01:00\" title=\"11 enero 2022 a las 12:29:12 Europe\/Madrid\">11 de enero de 2022<\/time><\/div><h2 class=\"w-post-elm post_title usg_post_title_1 entry-title color_link_inherit\"><a href=\"https:\/\/www.elsomniproduccions.com\/es\/2022\/01\/11\/llega-fake-de-rafel-gallego-copy\/\">FAKE 2022<\/a><\/h2><div class=\"w-post-elm post_content usg_post_content_1\">Empieza la gira de FAKE 2022. Durante el mes de enero, la nueva producci\u00f3n de El Somni se podr\u00e1 ver en diferentes teatros de&hellip;<\/div><\/div><div class=\"w-post-elm post_image usg_post_image_1 stretched\"><a href=\"https:\/\/www.elsomniproduccions.com\/es\/2022\/01\/11\/llega-fake-de-rafel-gallego-copy\/\" aria-label=\"FAKE 2022\"><img loading=\"lazy\" decoding=\"async\" width=\"1024\" height=\"683\" src=\"https:\/\/www.elsomniproduccions.com\/wp-content\/uploads\/2021\/08\/FAKE_NOV_2021_52-1024x683.jpg\" class=\"attachment-large size-large wp-post-image\" alt=\"\" srcset=\"https:\/\/www.elsomniproduccions.com\/wp-content\/uploads\/2021\/08\/FAKE_NOV_2021_52-1024x683.jpg 1024w, https:\/\/www.elsomniproduccions.com\/wp-content\/uploads\/2021\/08\/FAKE_NOV_2021_52-300x200.jpg 300w, https:\/\/www.elsomniproduccions.com\/wp-content\/uploads\/2021\/08\/FAKE_NOV_2021_52-391x260.jpg 391w, https:\/\/www.elsomniproduccions.com\/wp-content\/uploads\/2021\/08\/FAKE_NOV_2021_52-380x253.jpg 380w\" sizes=\"auto, (max-width: 1024px) 100vw, 1024px\" \/><\/a><\/div><\/div>\t\t<\/div>\r\n\t\t\t<\/article>\r\n\t<article class=\"w-grid-item size_1x1 post-3271 post type-post status-publish format-standard has-post-thumbnail hentry category-noticias\" data-id=\"3271\">\r\n\t\t<div class=\"w-grid-item-h\">\r\n\t\t\t\t\t\t<div class=\"w-hwrapper usg_hwrapper_1 align_left\"><div class=\"w-vwrapper usg_vwrapper_1 align_left\"><div class=\"w-hwrapper usg_hwrapper_2 align_left\"><time class=\"w-post-elm post_date usg_post_date_1 entry-date published\" datetime=\"2021-10-05T11:33:06+02:00\" title=\"5 octubre 2021 a las 11:33:06 Europe\/Madrid\">5 de octubre de 2021<\/time><\/div><h2 class=\"w-post-elm post_title usg_post_title_1 entry-title color_link_inherit\"><a href=\"https:\/\/www.elsomniproduccions.com\/es\/2021\/10\/05\/llega-fake-de-rafel-gallego\/\">LLEGA FAKE, DE RAFEL GALLEGO<\/a><\/h2><div class=\"w-post-elm post_content usg_post_content_1\">Empiezan los ensayos de FAKE, la nueva propuesta de El Somni Produccions, escrita por Rafel Gallego y que llegar\u00e1 a los escenarios de la&hellip;<\/div><\/div><div class=\"w-post-elm post_image usg_post_image_1 stretched\"><a href=\"https:\/\/www.elsomniproduccions.com\/es\/2021\/10\/05\/llega-fake-de-rafel-gallego\/\" aria-label=\"LLEGA FAKE, DE RAFEL GALLEGO\"><img loading=\"lazy\" decoding=\"async\" width=\"1024\" height=\"683\" src=\"https:\/\/www.elsomniproduccions.com\/wp-content\/uploads\/2021\/10\/FAKE_SEP_2021_21-1024x683.jpg\" class=\"attachment-large size-large wp-post-image\" alt=\"\" srcset=\"https:\/\/www.elsomniproduccions.com\/wp-content\/uploads\/2021\/10\/FAKE_SEP_2021_21-1024x683.jpg 1024w, https:\/\/www.elsomniproduccions.com\/wp-content\/uploads\/2021\/10\/FAKE_SEP_2021_21-300x200.jpg 300w, https:\/\/www.elsomniproduccions.com\/wp-content\/uploads\/2021\/10\/FAKE_SEP_2021_21-391x260.jpg 391w, https:\/\/www.elsomniproduccions.com\/wp-content\/uploads\/2021\/10\/FAKE_SEP_2021_21-380x253.jpg 380w\" sizes=\"auto, (max-width: 1024px) 100vw, 1024px\" \/><\/a><\/div><\/div>\t\t<\/div>\r\n\t\t\t<\/article>\r\n\t<article class=\"w-grid-item size_1x1 post-3221 post type-post status-publish format-standard has-post-thumbnail hentry category-noticias\" data-id=\"3221\">\r\n\t\t<div class=\"w-grid-item-h\">\r\n\t\t\t\t\t\t<div class=\"w-hwrapper usg_hwrapper_1 align_left\"><div class=\"w-vwrapper usg_vwrapper_1 align_left\"><div class=\"w-hwrapper usg_hwrapper_2 align_left\"><time class=\"w-post-elm post_date usg_post_date_1 entry-date published\" datetime=\"2021-08-30T10:11:29+02:00\" title=\"30 agosto 2021 a las 10:11:29 Europe\/Madrid\">30 de agosto de 2021<\/time><\/div><h2 class=\"w-post-elm post_title usg_post_title_1 entry-title color_link_inherit\"><a href=\"https:\/\/www.elsomniproduccions.com\/es\/2021\/08\/30\/paradis-gira-de-otono\/\">PARAD\u00cdS &#8211; GIRA DE OTO\u00d1O<\/a><\/h2><div class=\"w-post-elm post_content usg_post_content_1\">El mon\u00f3logo PARAD\u00cdS, escrito e interpretado por Sergio Baos, y dirigido por Xavi N\u00fa\u00f1ez inicia su gira de oto\u00f1o. Aunque durante el verano se&hellip;<\/div><\/div><div class=\"w-post-elm post_image usg_post_image_1 stretched\"><a href=\"https:\/\/www.elsomniproduccions.com\/es\/2021\/08\/30\/paradis-gira-de-otono\/\" aria-label=\"PARAD\u00cdS &#8211; GIRA DE OTO\u00d1O\"><img loading=\"lazy\" decoding=\"async\" width=\"1024\" height=\"724\" src=\"https:\/\/www.elsomniproduccions.com\/wp-content\/uploads\/2021\/08\/publisHOR-2-1024x724.jpg\" class=\"attachment-large size-large wp-post-image\" alt=\"\" srcset=\"https:\/\/www.elsomniproduccions.com\/wp-content\/uploads\/2021\/08\/publisHOR-2-1024x724.jpg 1024w, https:\/\/www.elsomniproduccions.com\/wp-content\/uploads\/2021\/08\/publisHOR-2-300x212.jpg 300w\" sizes=\"auto, (max-width: 1024px) 100vw, 1024px\" \/><\/a><\/div><\/div>\t\t<\/div>\r\n\t\t\t<\/article>\r\n<\/div>\t<div class=\"w-grid-preloader\">\r\n\t\t<div class=\"g-preloader type_5\">\r\n\t\t\t<div><\/div>\r\n\t\t<\/div>\r\n\t<\/div>\r\n\t\t\t\t<div class=\"g-loadmore \">\r\n\t\t\t\t<div class=\"g-preloader type_5\">\r\n\t\t\t\t\t<div><\/div>\r\n\t\t\t\t<\/div>\r\n\t\t\t\t<button class=\"w-btn us-btn-style_1\">\r\n\t\t\t\t\t<span class=\"w-btn-label\">Cargar m\u00e1s<\/span>\r\n\t\t\t\t<\/button>\r\n\t\t\t<\/div>\r\n\t\t\t\t<div class=\"w-grid-json hidden\" onclick='return {&quot;action&quot;:&quot;us_ajax_grid&quot;,&quot;infinite_scroll&quot;:true,&quot;max_num_pages&quot;:2,&quot;pagination&quot;:&quot;ajax&quot;,&quot;template_vars&quot;:{&quot;columns&quot;:&quot;2&quot;,&quot;exclude_items&quot;:&quot;none&quot;,&quot;img_size&quot;:&quot;default&quot;,&quot;ignore_items_size&quot;:0,&quot;items_layout&quot;:&quot;1792&quot;,&quot;items_offset&quot;:&quot;1&quot;,&quot;load_animation&quot;:&quot;none&quot;,&quot;overriding_link&quot;:&quot;%7B%22url%22%3A%22%22%7D&quot;,&quot;post_id&quot;:0,&quot;query_args&quot;:{&quot;post_type&quot;:[&quot;post&quot;],&quot;post_status&quot;:[&quot;publish&quot;,&quot;acf-disabled&quot;],&quot;tax_query&quot;:[{&quot;taxonomy&quot;:&quot;category&quot;,&quot;field&quot;:&quot;slug&quot;,&quot;terms&quot;:&quot;noticias&quot;}],&quot;posts_per_page&quot;:&quot;10&quot;},&quot;orderby_query_args&quot;:{&quot;orderby&quot;:{&quot;date&quot;:&quot;DESC&quot;}},&quot;type&quot;:&quot;masonry&quot;,&quot;us_grid_post_type&quot;:&quot;post&quot;,&quot;us_grid_ajax_index&quot;:1,&quot;us_grid_filter_query_string&quot;:null,&quot;us_grid_index&quot;:1,&quot;page_args&quot;:[],&quot;lang&quot;:&quot;es&quot;}}'><\/div>\r\n\t<\/div><\/div><\/div><\/div><\/div><\/div><\/section>\n","protected":false},"excerpt":{"rendered":"El mon\u00f3logo PARAD\u00cdS, escrito e interpretado por Sergio Baos, y dirigido por Xavi N\u00fa\u00f1ez inicia su gira de oto\u00f1o. Aunque durante el verano se ha podido disfrutar de esta obra, contada a cuatro voces por un solo actor, a partir del mes de setiembre ten\u00e9is nuevas oportunidades de verla. El mes de setiembre, PARAD\u00cdS llegar\u00e1...","protected":false},"author":1,"featured_media":0,"parent":0,"menu_order":0,"comment_status":"closed","ping_status":"closed","template":"","meta":{"_acf_changed":false,"footnotes":""},"class_list":["post-2358","page","type-page","status-publish","hentry"],"acf":[],"_links":{"self":[{"href":"https:\/\/www.elsomniproduccions.com\/es\/wp-json\/wp\/v2\/pages\/2358","targetHints":{"allow":["GET"]}}],"collection":[{"href":"https:\/\/www.elsomniproduccions.com\/es\/wp-json\/wp\/v2\/pages"}],"about":[{"href":"https:\/\/www.elsomniproduccions.com\/es\/wp-json\/wp\/v2\/types\/page"}],"author":[{"embeddable":true,"href":"https:\/\/www.elsomniproduccions.com\/es\/wp-json\/wp\/v2\/users\/1"}],"replies":[{"embeddable":true,"href":"https:\/\/www.elsomniproduccions.com\/es\/wp-json\/wp\/v2\/comments?post=2358"}],"version-history":[{"count":3,"href":"https:\/\/www.elsomniproduccions.com\/es\/wp-json\/wp\/v2\/pages\/2358\/revisions"}],"predecessor-version":[{"id":4138,"href":"https:\/\/www.elsomniproduccions.com\/es\/wp-json\/wp\/v2\/pages\/2358\/revisions\/4138"}],"wp:attachment":[{"href":"https:\/\/www.elsomniproduccions.com\/es\/wp-json\/wp\/v2\/media?parent=2358"}],"curies":[{"name":"wp","href":"https:\/\/api.w.org\/{rel}","templated":true}]}}