{"id":3699,"date":"2022-08-04T09:36:40","date_gmt":"2022-08-04T07:36:40","guid":{"rendered":"https:\/\/www.elsomniproduccions.com\/?post_type=mec-events&#038;p=3699"},"modified":"2022-08-04T09:36:40","modified_gmt":"2022-08-04T07:36:40","slug":"paradis-micalet","status":"publish","type":"mec-events","link":"https:\/\/www.elsomniproduccions.com\/es\/events\/paradis-micalet\/","title":{"rendered":"Parad\u00eds &#8211; TEATRE MICALET"},"content":{"rendered":"<p>\u00bfCu\u00e1ntas veces hemos escuchado que Mallorca es un para\u00edso? No hay duda que lo es. Es hermosa en sus paisajes, es cautivadora en su entorno, tiene playas de aguas cristalinas, aguas turquesas fotog\u00e9nicas como no hay otras. Pero no todo el mundo que vive en este para\u00edso puede disfrutar de los placeres de la vida vacacional. No todo el mundo que vive se puede deleitar con los frutos que sus \u00e1rboles floridos otorgan.<\/p>\n<p>\u201cParad\u00eds\u201d es una obra contada a cuatro voces, las cuatro voces protagonistas de este relato en forma de road movie: Joana, la cabeza pensante del plan, en Sebasti\u00e1n, el cura v\u00edctima a priori de este plan, en Pepe, la mano ejecutora del plan y, el hijo de Juana y en Pepe y objeto principal del plan. Sin \u00e9l nada es posible aunque no sabe muy bien c\u00f3mo ha llegado a encontrarse en el centro de la historia. Pero Para\u00edso es una historia contada por un solo actor que desarrollar\u00e1 los cuatro personajes que relata esta historia divertida y emotiva desde cuatro puntos de vista diferentes.<\/p>\n<p><em>Una producci\u00f3n de <\/em><em>El Somni Produccions.<\/em><\/p>\n<p><em>Espect\u00e1culo recomendado para espectadores y espectadoras a partir de 14 a\u00f1os.<\/em><\/p>\n<p class=\"subtitle-2\">FICHA ART\u00cdSTICA<\/p>\n<div class=\"field field-name-field-fitxa-artistica field-type-text-long field-label-hidden\">\n<div class=\"field-items\">\n<div class=\"field-item even\">\n<p><b>Dramaturgia<\/b><strong> e interpretaci\u00f3n:<\/strong>\u00a0Sergio Baos\u00a0<strong>Direcci\u00f3n:<\/strong>\u00a0Xavi N\u00fa\u00f1ez\u00a0<b>Ayudant\u00eda de direcci\u00f3n y espacio esc\u00e9nico:<\/b>\u00a0Joan Porcel\u00a0<strong>Producci\u00f3n ejecutiva e iluminaci\u00f3n:<\/strong>\u00a0Luis Bar\u00f3\u00a0<strong>Espacio sonoro:<\/strong>\u00a0Joan Vila\u00a0<strong>Iluminaci\u00f3n y audiovisuales:<\/strong> Toni Amengual <strong>Jefe<\/strong><b>\u00a0t\u00e9cnico:<\/b>\u00a0Albert Vizcarro\u00a0<strong>Comunicaci\u00f3n y administraci\u00f3n:<\/strong>\u00a0Laura Porcel\u00a0<strong>Distribuci\u00f3n:<\/strong>\u00a0Luis Bar\u00f3\u00a0<b>Fotograf\u00eda:<\/b>\u00a0Xisco Alarido<\/p>\n<\/div>\n<\/div>\n<\/div>\n","protected":false},"excerpt":{"rendered":"<p>\u00bfCu\u00e1ntas veces hemos escuchado que Mallorca es un para\u00edso? No hay duda que lo es. Es hermosa en sus paisajes, es cautivadora en su entorno, tiene playas de aguas cristalinas, aguas turquesas fotog\u00e9nicas como no hay otras. Pero no todo el mundo que vive en este para\u00edso puede disfrutar de los placeres de la vida&#8230;<\/p>\n","protected":false},"author":3,"featured_media":3084,"comment_status":"closed","ping_status":"closed","template":"","tags":[],"mec_category":[72,99],"class_list":["post-3699","mec-events","type-mec-events","status-publish","has-post-thumbnail","hentry","mec_category-funcion-destacada","mec_category-funcion"],"acf":[],"_links":{"self":[{"href":"https:\/\/www.elsomniproduccions.com\/es\/wp-json\/wp\/v2\/mec-events\/3699","targetHints":{"allow":["GET"]}}],"collection":[{"href":"https:\/\/www.elsomniproduccions.com\/es\/wp-json\/wp\/v2\/mec-events"}],"about":[{"href":"https:\/\/www.elsomniproduccions.com\/es\/wp-json\/wp\/v2\/types\/mec-events"}],"author":[{"embeddable":true,"href":"https:\/\/www.elsomniproduccions.com\/es\/wp-json\/wp\/v2\/users\/3"}],"replies":[{"embeddable":true,"href":"https:\/\/www.elsomniproduccions.com\/es\/wp-json\/wp\/v2\/comments?post=3699"}],"wp:featuredmedia":[{"embeddable":true,"href":"https:\/\/www.elsomniproduccions.com\/es\/wp-json\/wp\/v2\/media\/3084"}],"wp:attachment":[{"href":"https:\/\/www.elsomniproduccions.com\/es\/wp-json\/wp\/v2\/media?parent=3699"}],"wp:term":[{"taxonomy":"post_tag","embeddable":true,"href":"https:\/\/www.elsomniproduccions.com\/es\/wp-json\/wp\/v2\/tags?post=3699"},{"taxonomy":"mec_category","embeddable":true,"href":"https:\/\/www.elsomniproduccions.com\/es\/wp-json\/wp\/v2\/mec_category?post=3699"}],"curies":[{"name":"wp","href":"https:\/\/api.w.org\/{rel}","templated":true}]}}